{"id":855,"date":"2019-03-07T20:21:15","date_gmt":"2019-03-07T20:21:15","guid":{"rendered":"http:\/\/aquelarre.uy\/cms\/?page_id=855"},"modified":"2025-03-25T20:24:27","modified_gmt":"2025-03-25T20:24:27","slug":"fotografia-nocturna","status":"publish","type":"page","link":"https:\/\/aquelarre.edu.uy\/cms\/home\/cursos\/talleres\/fotografia-nocturna\/","title":{"rendered":"Fotograf\u00eda Nocturna"},"content":{"rendered":"\t\t<div data-elementor-type=\"wp-page\" data-elementor-id=\"855\" class=\"elementor elementor-855\" data-elementor-post-type=\"page\">\n\t\t\t\t\t\t<section class=\"elementor-section elementor-top-section elementor-element elementor-element-d308719 elementor-section-boxed elementor-section-height-default elementor-section-height-default\" data-id=\"d308719\" data-element_type=\"section\" data-e-type=\"section\">\n\t\t\t\t\t\t<div class=\"elementor-container elementor-column-gap-default\">\n\t\t\t\t\t<div class=\"elementor-column elementor-col-100 elementor-top-column elementor-element elementor-element-11ae5ae\" data-id=\"11ae5ae\" data-element_type=\"column\" data-e-type=\"column\">\n\t\t\t<div class=\"elementor-widget-wrap elementor-element-populated\">\n\t\t\t\t\t\t<div class=\"elementor-element elementor-element-7a369eb elementor-position-top elementor-widget elementor-widget-image-box\" data-id=\"7a369eb\" data-element_type=\"widget\" data-e-type=\"widget\" data-widget_type=\"image-box.default\">\n\t\t\t\t<div class=\"elementor-widget-container\">\n\t\t\t\t\t<div class=\"elementor-image-box-wrapper\"><figure class=\"elementor-image-box-img\"><img fetchpriority=\"high\" decoding=\"async\" width=\"1800\" height=\"1192\" src=\"https:\/\/aquelarre.edu.uy\/cms\/wp-content\/uploads\/2022\/12\/DSC2002_web.jpg\" class=\"attachment-full size-full wp-image-6092\" alt=\"aquelarre escuela de fotograf\u00eda, curso de fotograf\u00eda, escuela de fotograf\u00eda, curso de fotograf\u00eda nocturna\" srcset=\"https:\/\/aquelarre.edu.uy\/cms\/wp-content\/uploads\/2022\/12\/DSC2002_web.jpg 1800w, https:\/\/aquelarre.edu.uy\/cms\/wp-content\/uploads\/2022\/12\/DSC2002_web-300x199.jpg 300w, https:\/\/aquelarre.edu.uy\/cms\/wp-content\/uploads\/2022\/12\/DSC2002_web-1024x678.jpg 1024w, https:\/\/aquelarre.edu.uy\/cms\/wp-content\/uploads\/2022\/12\/DSC2002_web-768x509.jpg 768w, https:\/\/aquelarre.edu.uy\/cms\/wp-content\/uploads\/2022\/12\/DSC2002_web-1536x1017.jpg 1536w\" sizes=\"(max-width: 1800px) 100vw, 1800px\" \/><\/figure><div class=\"elementor-image-box-content\"><h1 class=\"elementor-image-box-title\">CURSO DE FOTOGRAF\u00cdA NOCTURNA<\/h1><p class=\"elementor-image-box-description\">Aprende a dominar la fotograf\u00eda en la noche<\/p><\/div><\/div>\t\t\t\t<\/div>\n\t\t\t\t<\/div>\n\t\t\t\t\t<\/div>\n\t\t<\/div>\n\t\t\t\t\t<\/div>\n\t\t<\/section>\n\t\t\t\t<section class=\"elementor-section elementor-top-section elementor-element elementor-element-ec118f9 elementor-section-content-middle elementor-section-boxed elementor-section-height-default elementor-section-height-default\" data-id=\"ec118f9\" data-element_type=\"section\" data-e-type=\"section\">\n\t\t\t\t\t\t<div class=\"elementor-container elementor-column-gap-default\">\n\t\t\t\t\t<div class=\"elementor-column elementor-col-50 elementor-top-column elementor-element elementor-element-d7c8b2b\" data-id=\"d7c8b2b\" data-element_type=\"column\" data-e-type=\"column\">\n\t\t\t<div class=\"elementor-widget-wrap elementor-element-populated\">\n\t\t\t\t\t\t<div class=\"elementor-element elementor-element-62e2d21 elementor-widget elementor-widget-text-editor\" data-id=\"62e2d21\" data-element_type=\"widget\" data-e-type=\"widget\" data-widget_type=\"text-editor.default\">\n\t\t\t\t<div class=\"elementor-widget-container\">\n\t\t\t\t\t\t\t\t\t<div dir=\"ltr\"><div dir=\"ltr\"><div><p>Este C<strong>urso de Fotograf\u00eda Nocturna<\/strong> est\u00e1 dise\u00f1ado para ense\u00f1ar a los estudiantes c\u00f3mo capturar impresionantes im\u00e1genes en condiciones de poca luz. A lo largo del curso, se abordar\u00e1n temas como el equipo necesario, la configuraci\u00f3n de la c\u00e1mara y la iluminaci\u00f3n artificial, as\u00ed como la composici\u00f3n y la utilizaci\u00f3n de apps.<\/p><\/div><\/div><\/div><div dir=\"ltr\"><div dir=\"ltr\"><div><p>El curso incluir\u00e1 tanto sesiones te\u00f3ricas como pr\u00e1cticas, con oportunidades para que los estudiantes experimenten con diferentes t\u00e9cnicas. Al final del curso, se tendr\u00e1 una comprensi\u00f3n s\u00f3lida y concisa de la fotograf\u00eda nocturna y estar\u00e1n equipados con las habilidades necesarias para capturar im\u00e1genes impresionantes en cualquier entorno con poca luz.<\/p>Utilizaremos t\u00e9cnicas fotogr\u00e1ficas para captar con calidad la escasa y fant\u00e1stica luz de la noche. Realizar\u00e1s largas exposiciones con tr\u00edpode, registrando el movimiento de los autos o logrando el efecto seda en el agua. Lo combinar\u00e1s con la potente herramienta del flash y diferentes fuentes de luz para pintar. Comenzar\u00e1s a recorrer el apasionante camino de la astrofotograf\u00eda, planificando las tomas para capturar en un hermoso paisaje la v\u00eda l\u00e1ctea y las estrellas. Un curso te\u00f3rico y pr\u00e1ctico que te introducir\u00e1 r\u00e1pidamente en la fotograf\u00eda nocturna, tanto para los amantes de las fotos en zonas urbanas como rurales.<\/div><div>\u00a0<\/div><\/div><\/div><div dir=\"ltr\"><div dir=\"ltr\"><div><strong>Docente: Marcelo Gonz\u00e1lez Calero<\/strong><\/div><\/div><\/div>\t\t\t\t\t\t\t\t<\/div>\n\t\t\t\t<\/div>\n\t\t\t\t\t<\/div>\n\t\t<\/div>\n\t\t\t\t<div class=\"elementor-column elementor-col-50 elementor-top-column elementor-element elementor-element-a0ccb38\" data-id=\"a0ccb38\" data-element_type=\"column\" data-e-type=\"column\">\n\t\t\t<div class=\"elementor-widget-wrap elementor-element-populated\">\n\t\t\t\t\t\t<div class=\"elementor-element elementor-element-dac0c4c elementor-widget elementor-widget-image\" data-id=\"dac0c4c\" data-element_type=\"widget\" data-e-type=\"widget\" data-widget_type=\"image.default\">\n\t\t\t\t<div class=\"elementor-widget-container\">\n\t\t\t\t\t\t\t\t\t\t\t\t\t\t\t<img decoding=\"async\" width=\"800\" height=\"530\" src=\"https:\/\/aquelarre.edu.uy\/cms\/wp-content\/uploads\/2022\/12\/DSC1998_web-1024x678.jpg\" class=\"attachment-large size-large wp-image-6091\" alt=\"aquelarre escuela de fotograf\u00eda, curso de fotograf\u00eda, escuela de fotograf\u00eda, curso de fotograf\u00eda nocturna\" srcset=\"https:\/\/aquelarre.edu.uy\/cms\/wp-content\/uploads\/2022\/12\/DSC1998_web-1024x678.jpg 1024w, https:\/\/aquelarre.edu.uy\/cms\/wp-content\/uploads\/2022\/12\/DSC1998_web-300x199.jpg 300w, https:\/\/aquelarre.edu.uy\/cms\/wp-content\/uploads\/2022\/12\/DSC1998_web-768x509.jpg 768w, https:\/\/aquelarre.edu.uy\/cms\/wp-content\/uploads\/2022\/12\/DSC1998_web-1536x1017.jpg 1536w, https:\/\/aquelarre.edu.uy\/cms\/wp-content\/uploads\/2022\/12\/DSC1998_web.jpg 1800w\" sizes=\"(max-width: 800px) 100vw, 800px\" \/>\t\t\t\t\t\t\t\t\t\t\t\t\t\t\t<\/div>\n\t\t\t\t<\/div>\n\t\t\t\t\t<\/div>\n\t\t<\/div>\n\t\t\t\t\t<\/div>\n\t\t<\/section>\n\t\t\t\t<section class=\"elementor-section elementor-top-section elementor-element elementor-element-7c254f7 elementor-section-content-middle elementor-section-boxed elementor-section-height-default elementor-section-height-default\" data-id=\"7c254f7\" data-element_type=\"section\" data-e-type=\"section\" data-settings=\"{&quot;background_background&quot;:&quot;classic&quot;}\">\n\t\t\t\t\t\t<div class=\"elementor-container elementor-column-gap-default\">\n\t\t\t\t\t<div class=\"elementor-column elementor-col-33 elementor-top-column elementor-element elementor-element-35b7fa4\" data-id=\"35b7fa4\" data-element_type=\"column\" data-e-type=\"column\">\n\t\t\t<div class=\"elementor-widget-wrap elementor-element-populated\">\n\t\t\t\t\t\t<div class=\"elementor-element elementor-element-27c915f elementor-widget elementor-widget-image\" data-id=\"27c915f\" data-element_type=\"widget\" data-e-type=\"widget\" data-widget_type=\"image.default\">\n\t\t\t\t<div class=\"elementor-widget-container\">\n\t\t\t\t\t\t\t\t\t\t\t\t\t\t\t<img decoding=\"async\" width=\"800\" height=\"530\" src=\"https:\/\/aquelarre.edu.uy\/cms\/wp-content\/uploads\/2022\/12\/DSC2002_web-1024x678.jpg\" class=\"attachment-large size-large wp-image-6092\" alt=\"aquelarre escuela de fotograf\u00eda, curso de fotograf\u00eda, escuela de fotograf\u00eda, curso de fotograf\u00eda nocturna\" srcset=\"https:\/\/aquelarre.edu.uy\/cms\/wp-content\/uploads\/2022\/12\/DSC2002_web-1024x678.jpg 1024w, https:\/\/aquelarre.edu.uy\/cms\/wp-content\/uploads\/2022\/12\/DSC2002_web-300x199.jpg 300w, https:\/\/aquelarre.edu.uy\/cms\/wp-content\/uploads\/2022\/12\/DSC2002_web-768x509.jpg 768w, https:\/\/aquelarre.edu.uy\/cms\/wp-content\/uploads\/2022\/12\/DSC2002_web-1536x1017.jpg 1536w, https:\/\/aquelarre.edu.uy\/cms\/wp-content\/uploads\/2022\/12\/DSC2002_web.jpg 1800w\" sizes=\"(max-width: 800px) 100vw, 800px\" \/>\t\t\t\t\t\t\t\t\t\t\t\t\t\t\t<\/div>\n\t\t\t\t<\/div>\n\t\t\t\t\t<\/div>\n\t\t<\/div>\n\t\t\t\t<div class=\"elementor-column elementor-col-33 elementor-top-column elementor-element elementor-element-03c3148\" data-id=\"03c3148\" data-element_type=\"column\" data-e-type=\"column\">\n\t\t\t<div class=\"elementor-widget-wrap elementor-element-populated\">\n\t\t\t\t\t\t<div class=\"elementor-element elementor-element-cdf2235 elementor-widget elementor-widget-text-editor\" data-id=\"cdf2235\" data-element_type=\"widget\" data-e-type=\"widget\" data-widget_type=\"text-editor.default\">\n\t\t\t\t<div class=\"elementor-widget-container\">\n\t\t\t\t\t\t\t\t\t<blockquote>\n<div dir=\"ltr\">\n<div dir=\"ltr\">\n<div>Temas:<\/div>\n<div>\u00a0<\/div>\n<div>Aspectos esenciales de la fotograf\u00eda.<\/div>\n<div>Configuraci\u00f3n de la c\u00e1mara y equipo para fotograf\u00eda nocturna.<\/div>\n<div>Hiperfocal, medici\u00f3n de luz e histograma.<\/div>\n<div>Iluminaci\u00f3n, composici\u00f3n y paisaje.<\/div>\n<div>Flash. C\u00f3mo y cuando usarlo.<\/div>\n<div>Otras fuentes de luz.<\/div>\n<div>Planificaci\u00f3n. Pensando y construyendo la toma.<\/div>\n<div>Aplicaciones. C\u00f3mo anticiparse a la foto con la ayuda del tel\u00e9fono.<\/div>\n<\/div>\n<\/div>\n<\/blockquote>\t\t\t\t\t\t\t\t<\/div>\n\t\t\t\t<\/div>\n\t\t\t\t\t<\/div>\n\t\t<\/div>\n\t\t\t\t<div class=\"elementor-column elementor-col-33 elementor-top-column elementor-element elementor-element-f37af21\" data-id=\"f37af21\" data-element_type=\"column\" data-e-type=\"column\">\n\t\t\t<div class=\"elementor-widget-wrap elementor-element-populated\">\n\t\t\t\t\t\t<div class=\"elementor-element elementor-element-4eb42bf elementor-widget elementor-widget-image\" data-id=\"4eb42bf\" data-element_type=\"widget\" data-e-type=\"widget\" data-widget_type=\"image.default\">\n\t\t\t\t<div class=\"elementor-widget-container\">\n\t\t\t\t\t\t\t\t\t\t\t\t\t\t\t<img loading=\"lazy\" decoding=\"async\" width=\"800\" height=\"530\" src=\"https:\/\/aquelarre.edu.uy\/cms\/wp-content\/uploads\/2022\/12\/DSC1988_web-1024x678.jpg\" class=\"attachment-large size-large wp-image-6090\" alt=\"aquelarre escuela de fotograf\u00eda, curso de fotograf\u00eda, escuela de fotograf\u00eda, curso de fotograf\u00eda nocturna\" srcset=\"https:\/\/aquelarre.edu.uy\/cms\/wp-content\/uploads\/2022\/12\/DSC1988_web-1024x678.jpg 1024w, https:\/\/aquelarre.edu.uy\/cms\/wp-content\/uploads\/2022\/12\/DSC1988_web-300x199.jpg 300w, https:\/\/aquelarre.edu.uy\/cms\/wp-content\/uploads\/2022\/12\/DSC1988_web-768x509.jpg 768w, https:\/\/aquelarre.edu.uy\/cms\/wp-content\/uploads\/2022\/12\/DSC1988_web-1536x1017.jpg 1536w, https:\/\/aquelarre.edu.uy\/cms\/wp-content\/uploads\/2022\/12\/DSC1988_web.jpg 1800w\" sizes=\"(max-width: 800px) 100vw, 800px\" \/>\t\t\t\t\t\t\t\t\t\t\t\t\t\t\t<\/div>\n\t\t\t\t<\/div>\n\t\t\t\t\t<\/div>\n\t\t<\/div>\n\t\t\t\t\t<\/div>\n\t\t<\/section>\n\t\t\t\t<section class=\"elementor-section elementor-top-section elementor-element elementor-element-5f767e0 elementor-section-content-middle elementor-section-boxed elementor-section-height-default elementor-section-height-default\" data-id=\"5f767e0\" data-element_type=\"section\" data-e-type=\"section\">\n\t\t\t\t\t\t<div class=\"elementor-container elementor-column-gap-default\">\n\t\t\t\t\t<div class=\"elementor-column elementor-col-50 elementor-top-column elementor-element elementor-element-76a69bd\" data-id=\"76a69bd\" data-element_type=\"column\" data-e-type=\"column\">\n\t\t\t<div class=\"elementor-widget-wrap elementor-element-populated\">\n\t\t\t\t\t\t<div class=\"elementor-element elementor-element-ef9aee2 elementor-widget elementor-widget-text-editor\" data-id=\"ef9aee2\" data-element_type=\"widget\" data-e-type=\"widget\" data-widget_type=\"text-editor.default\">\n\t\t\t\t<div class=\"elementor-widget-container\">\n\t\t\t\t\t\t\t\t\t<div dir=\"ltr\"><div dir=\"ltr\"><h2 style=\"text-align: center;\"><span style=\"color: #000080;\"><strong>PROGRAMA del CURSO de FOTOGRAF\u00cdA NOCTURNA:<\/strong><\/span><\/h2><\/div><\/div><div dir=\"ltr\"><div dir=\"ltr\"><div>\u00a0<\/div><div>D\u00eda 1. Clase presencial en la escuela Aquelarre.<\/div><div>Puesta a punto. Repasaremos cada aspecto esencial sobre la c\u00e1mara, los objetivos, la t\u00e9cnica, la iluminaci\u00f3n, la planificaci\u00f3n, el equipo, el terreno y el cielo.<\/div><div>\u00a0<\/div><div>D\u00eda 2. Clase pr\u00e1ctica en terreno.<\/div><div>Capturando la noche sin tr\u00edpode. En esta primera clase pr\u00e1ctica abordaremos el mundo de posibilidades que existen para realizar tomas muy interesantes y de calidad, con poca luz y sin tr\u00edpode.<\/div><div>\u00a0<\/div><div>D\u00eda 3. Revisi\u00f3n de las fotograf\u00edas realizadas en la pr\u00e1ctica.<\/div><div>\u00a0<\/div><div>D\u00eda 4. Clase pr\u00e1ctica en terreno.<\/div><div>Realizaremos fotograf\u00edas de paisaje con larga exposici\u00f3n usando el tr\u00edpode. Utilizaremos el flash y otras fuentes de luz.<\/div><div>\u00a0<\/div><div>D\u00eda 5. Clase pr\u00e1ctica en terreno.<\/div><div>Profundizaremos la fotograf\u00eda de paisaje nocturno con la introducci\u00f3n a la astrofotograf\u00eda y utilizaremos las aplicaciones especializadas.<\/div><div>\u00a0<\/div><\/div><\/div><div dir=\"ltr\"><div dir=\"ltr\"><div>D\u00eda 6. Evaluaci\u00f3n de las fotograf\u00edas realizadas en el curso.<\/div><\/div><\/div>\t\t\t\t\t\t\t\t<\/div>\n\t\t\t\t<\/div>\n\t\t\t\t\t<\/div>\n\t\t<\/div>\n\t\t\t\t<div class=\"elementor-column elementor-col-50 elementor-top-column elementor-element elementor-element-d1c7588\" data-id=\"d1c7588\" data-element_type=\"column\" data-e-type=\"column\">\n\t\t\t<div class=\"elementor-widget-wrap\">\n\t\t\t\t\t\t\t<\/div>\n\t\t<\/div>\n\t\t\t\t\t<\/div>\n\t\t<\/section>\n\t\t\t\t<section class=\"elementor-section elementor-top-section elementor-element elementor-element-6dbff31 elementor-section-boxed elementor-section-height-default elementor-section-height-default\" data-id=\"6dbff31\" data-element_type=\"section\" data-e-type=\"section\">\n\t\t\t\t\t\t<div class=\"elementor-container elementor-column-gap-default\">\n\t\t\t\t\t<div class=\"elementor-column elementor-col-100 elementor-top-column elementor-element elementor-element-cac3f1e\" data-id=\"cac3f1e\" data-element_type=\"column\" data-e-type=\"column\">\n\t\t\t<div class=\"elementor-widget-wrap elementor-element-populated\">\n\t\t\t\t\t\t<div class=\"elementor-element elementor-element-6b8b0cc elementor-widget elementor-widget-heading\" data-id=\"6b8b0cc\" data-element_type=\"widget\" data-e-type=\"widget\" data-widget_type=\"heading.default\">\n\t\t\t\t<div class=\"elementor-widget-container\">\n\t\t\t\t\t<h2 class=\"elementor-heading-title elementor-size-default\">INICIO FEBRERO 2025<\/h2>\t\t\t\t<\/div>\n\t\t\t\t<\/div>\n\t\t\t\t\t<\/div>\n\t\t<\/div>\n\t\t\t\t\t<\/div>\n\t\t<\/section>\n\t\t\t\t<section class=\"elementor-section elementor-top-section elementor-element elementor-element-7d93f7a elementor-section-boxed elementor-section-height-default elementor-section-height-default\" data-id=\"7d93f7a\" data-element_type=\"section\" data-e-type=\"section\">\n\t\t\t\t\t\t<div class=\"elementor-container elementor-column-gap-default\">\n\t\t\t\t\t<div class=\"elementor-column elementor-col-50 elementor-top-column elementor-element elementor-element-81f8472\" data-id=\"81f8472\" data-element_type=\"column\" data-e-type=\"column\" data-settings=\"{&quot;background_background&quot;:&quot;classic&quot;}\">\n\t\t\t<div class=\"elementor-widget-wrap elementor-element-populated\">\n\t\t\t\t\t\t<div class=\"elementor-element elementor-element-86454c6 elementor-widget elementor-widget-text-editor\" data-id=\"86454c6\" data-element_type=\"widget\" data-e-type=\"widget\" data-widget_type=\"text-editor.default\">\n\t\t\t\t<div class=\"elementor-widget-container\">\n\t\t\t\t\t\t\t\t\t<ul><li>Inicio: 3 de febrero<\/li><li>Horario: 19 a 21hs<\/li><li>Clases: lunes<\/li><li>Frecuencia: 1 vez por semana<\/li><li>Duraci\u00f3n: 6 jornadas<\/li><li>10 estudiantes m\u00e1ximo<\/li><li>Termina: 17 de marzo<\/li><\/ul>\t\t\t\t\t\t\t\t<\/div>\n\t\t\t\t<\/div>\n\t\t\t\t\t<\/div>\n\t\t<\/div>\n\t\t\t\t<div class=\"elementor-column elementor-col-50 elementor-top-column elementor-element elementor-element-44268eb\" data-id=\"44268eb\" data-element_type=\"column\" data-e-type=\"column\" data-settings=\"{&quot;background_background&quot;:&quot;classic&quot;}\">\n\t\t\t<div class=\"elementor-widget-wrap elementor-element-populated\">\n\t\t\t\t\t\t<div class=\"elementor-element elementor-element-4be5944 elementor-widget elementor-widget-text-editor\" data-id=\"4be5944\" data-element_type=\"widget\" data-e-type=\"widget\" data-widget_type=\"text-editor.default\">\n\t\t\t\t<div class=\"elementor-widget-container\">\n\t\t\t\t\t\t\t\t\t<p style=\"text-align: center;\"><strong>COSTO<\/strong><\/p><p style=\"text-align: center;\"><span style=\"color: #ff0000;\"><strong>Precio Total: $9500.-<\/strong><\/span><\/p><p style=\"text-align: center;\"><span style=\"color: #339966;\"><strong>PROMO ENERO: $7500.-<\/strong><\/span><\/p><p style=\"text-align: center;\"><span style=\"text-decoration: underline;\">Aceptamos:<\/span> transferencia bancaria (10%oFF) | efectivo (1 pago 10% off) | OCA y VISA 3 pagos| Mercado Pago hasta 12 cuotas<\/p><p style=\"text-align: center;\"><span style=\"text-decoration: underline;\">Convenios con:<\/span> AMS, Socios AFYVU, <strong>(ex)estudiantes Aquelarre<\/strong><\/p><p style=\"text-align: center;\"><em>Los descuentos no son acumulables<\/em><\/p>\t\t\t\t\t\t\t\t<\/div>\n\t\t\t\t<\/div>\n\t\t\t\t\t<\/div>\n\t\t<\/div>\n\t\t\t\t\t<\/div>\n\t\t<\/section>\n\t\t\t\t<section class=\"elementor-section elementor-top-section elementor-element elementor-element-e5ad9bb elementor-section-boxed elementor-section-height-default elementor-section-height-default\" data-id=\"e5ad9bb\" data-element_type=\"section\" data-e-type=\"section\">\n\t\t\t\t\t\t<div class=\"elementor-container elementor-column-gap-default\">\n\t\t\t\t\t<div class=\"elementor-column elementor-col-100 elementor-top-column elementor-element elementor-element-acc5baa\" data-id=\"acc5baa\" data-element_type=\"column\" data-e-type=\"column\">\n\t\t\t<div class=\"elementor-widget-wrap elementor-element-populated\">\n\t\t\t\t\t\t<div class=\"elementor-element elementor-element-b09e39c elementor-align-center elementor-widget elementor-widget-button\" data-id=\"b09e39c\" data-element_type=\"widget\" data-e-type=\"widget\" data-widget_type=\"button.default\">\n\t\t\t\t<div class=\"elementor-widget-container\">\n\t\t\t\t\t\t\t\t\t<div class=\"elementor-button-wrapper\">\n\t\t\t\t\t<a class=\"elementor-button elementor-button-link elementor-size-sm elementor-animation-shrink\" href=\"https:\/\/mpago.la\/1djQ52Q\" target=\"_blank\">\n\t\t\t\t\t\t<span class=\"elementor-button-content-wrapper\">\n\t\t\t\t\t\t\t\t\t<span class=\"elementor-button-text\">PAGO POR MERCADO PAGO<\/span>\n\t\t\t\t\t<\/span>\n\t\t\t\t\t<\/a>\n\t\t\t\t<\/div>\n\t\t\t\t\t\t\t\t<\/div>\n\t\t\t\t<\/div>\n\t\t\t\t\t<\/div>\n\t\t<\/div>\n\t\t\t\t\t<\/div>\n\t\t<\/section>\n\t\t\t\t<section class=\"elementor-section elementor-top-section elementor-element elementor-element-6835f40 elementor-section-boxed elementor-section-height-default elementor-section-height-default\" data-id=\"6835f40\" data-element_type=\"section\" data-e-type=\"section\">\n\t\t\t\t\t\t<div class=\"elementor-container elementor-column-gap-default\">\n\t\t\t\t\t<div class=\"elementor-column elementor-col-100 elementor-top-column elementor-element elementor-element-9335f3e\" data-id=\"9335f3e\" data-element_type=\"column\" data-e-type=\"column\">\n\t\t\t<div class=\"elementor-widget-wrap elementor-element-populated\">\n\t\t\t\t\t\t<div class=\"elementor-element elementor-element-9a5fe94 elementor-widget elementor-widget-text-editor\" data-id=\"9a5fe94\" data-element_type=\"widget\" data-e-type=\"widget\" data-widget_type=\"text-editor.default\">\n\t\t\t\t<div class=\"elementor-widget-container\">\n\t\t\t\t\t\t\t\t\t<p><strong>Importante:<\/strong> En caso de que un grupo no llegue al m\u00ednimo de estudiantes para su inicio, el comienzo del mismo podr\u00e1 ser aplazado o hasta ser dado de baja hasta 24 horas antes de la fecha de inicio. Qui\u00e9nes ya est\u00e9n inscriptos se les har\u00e1 una devoluci\u00f3n de dinero, o tendr\u00e1n la opci\u00f3n de iniciar en otro grupo, m\u00e1s adelante.<br \/>En caso de abandono del curso, no se proceder\u00e1 a la devoluci\u00f3n del dinero, pero podr\u00e1 optar por incorporarse a otro grupo siempre y cuando haya cupo disponible, per\u00edodo de 1 a\u00f1o que se realiz\u00f3 la inscripci\u00f3n.<\/p>\t\t\t\t\t\t\t\t<\/div>\n\t\t\t\t<\/div>\n\t\t\t\t\t<\/div>\n\t\t<\/div>\n\t\t\t\t\t<\/div>\n\t\t<\/section>\n\t\t\t\t<section class=\"elementor-section elementor-top-section elementor-element elementor-element-0df4a38 elementor-section-boxed elementor-section-height-default elementor-section-height-default\" data-id=\"0df4a38\" data-element_type=\"section\" data-e-type=\"section\">\n\t\t\t\t\t\t<div class=\"elementor-container elementor-column-gap-default\">\n\t\t\t\t\t<div class=\"elementor-column elementor-col-100 elementor-top-column elementor-element elementor-element-0fe7ffa\" data-id=\"0fe7ffa\" data-element_type=\"column\" data-e-type=\"column\">\n\t\t\t<div class=\"elementor-widget-wrap elementor-element-populated\">\n\t\t\t\t\t\t<div class=\"elementor-element elementor-element-60232bf elementor-widget elementor-widget-heading\" data-id=\"60232bf\" data-element_type=\"widget\" data-e-type=\"widget\" data-widget_type=\"heading.default\">\n\t\t\t\t<div class=\"elementor-widget-container\">\n\t\t\t\t\t<h3 class=\"elementor-heading-title elementor-size-default\">OTROS CURSOS DE VERANO<\/h3>\t\t\t\t<\/div>\n\t\t\t\t<\/div>\n\t\t\t\t\t<\/div>\n\t\t<\/div>\n\t\t\t\t\t<\/div>\n\t\t<\/section>\n\t\t\t\t<section class=\"elementor-section elementor-top-section elementor-element elementor-element-6519349 elementor-section-boxed elementor-section-height-default elementor-section-height-default\" data-id=\"6519349\" data-element_type=\"section\" data-e-type=\"section\">\n\t\t\t\t\t\t<div class=\"elementor-container elementor-column-gap-default\">\n\t\t\t\t\t<div class=\"elementor-column elementor-col-20 elementor-top-column elementor-element elementor-element-8d4449c\" data-id=\"8d4449c\" data-element_type=\"column\" data-e-type=\"column\">\n\t\t\t<div class=\"elementor-widget-wrap elementor-element-populated\">\n\t\t\t\t\t\t<div class=\"elementor-element elementor-element-b63fa6e elementor-widget elementor-widget-image\" data-id=\"b63fa6e\" data-element_type=\"widget\" data-e-type=\"widget\" data-widget_type=\"image.default\">\n\t\t\t\t<div class=\"elementor-widget-container\">\n\t\t\t\t\t\t\t\t\t\t\t\t\t\t\t\t<a href=\"https:\/\/aquelarre.edu.uy\/cms\/home\/cursos\/fotografia-de-verano\/\">\n\t\t\t\t\t\t\t<img decoding=\"async\" src=\"https:\/\/aquelarre.edu.uy\/cms\/wp-content\/uploads\/2024\/10\/VERANO-2025.jpg\" title=\"\" alt=\"Fotograf\u00eda de verano\" loading=\"lazy\" \/>\t\t\t\t\t\t\t\t<\/a>\n\t\t\t\t\t\t\t\t\t\t\t\t\t\t\t<\/div>\n\t\t\t\t<\/div>\n\t\t\t\t\t<\/div>\n\t\t<\/div>\n\t\t\t\t<div class=\"elementor-column elementor-col-20 elementor-top-column elementor-element elementor-element-cc6739b\" data-id=\"cc6739b\" data-element_type=\"column\" data-e-type=\"column\">\n\t\t\t<div class=\"elementor-widget-wrap elementor-element-populated\">\n\t\t\t\t\t\t<div class=\"elementor-element elementor-element-95ff5b8 elementor-widget elementor-widget-image\" data-id=\"95ff5b8\" data-element_type=\"widget\" data-e-type=\"widget\" data-widget_type=\"image.default\">\n\t\t\t\t<div class=\"elementor-widget-container\">\n\t\t\t\t\t\t\t\t\t\t\t\t\t\t\t\t<a href=\"https:\/\/aquelarre.edu.uy\/cms\/home\/cursos\/talleres\/curso-retrato-fotografico\/\">\n\t\t\t\t\t\t\t<img decoding=\"async\" src=\"https:\/\/aquelarre.edu.uy\/cms\/wp-content\/uploads\/2024\/11\/Retrato-2023-1.jpg\" title=\"\" alt=\"\" loading=\"lazy\" \/>\t\t\t\t\t\t\t\t<\/a>\n\t\t\t\t\t\t\t\t\t\t\t\t\t\t\t<\/div>\n\t\t\t\t<\/div>\n\t\t\t\t\t<\/div>\n\t\t<\/div>\n\t\t\t\t<div class=\"elementor-column elementor-col-20 elementor-top-column elementor-element elementor-element-ec4d27f\" data-id=\"ec4d27f\" data-element_type=\"column\" data-e-type=\"column\">\n\t\t\t<div class=\"elementor-widget-wrap elementor-element-populated\">\n\t\t\t\t\t\t<div class=\"elementor-element elementor-element-50be1c1 elementor-widget elementor-widget-image\" data-id=\"50be1c1\" data-element_type=\"widget\" data-e-type=\"widget\" data-widget_type=\"image.default\">\n\t\t\t\t<div class=\"elementor-widget-container\">\n\t\t\t\t\t\t\t\t\t\t\t\t\t\t\t\t<a href=\"https:\/\/aquelarre.edu.uy\/cms\/home\/cursos\/fotografia-para-viajes\/\">\n\t\t\t\t\t\t\t<img decoding=\"async\" src=\"https:\/\/aquelarre.edu.uy\/cms\/wp-content\/uploads\/2024\/11\/Viajes-2024_1-1.jpg\" title=\"\" alt=\"\" loading=\"lazy\" \/>\t\t\t\t\t\t\t\t<\/a>\n\t\t\t\t\t\t\t\t\t\t\t\t\t\t\t<\/div>\n\t\t\t\t<\/div>\n\t\t\t\t\t<\/div>\n\t\t<\/div>\n\t\t\t\t<div class=\"elementor-column elementor-col-20 elementor-top-column elementor-element elementor-element-688d9da\" data-id=\"688d9da\" data-element_type=\"column\" data-e-type=\"column\">\n\t\t\t<div class=\"elementor-widget-wrap elementor-element-populated\">\n\t\t\t\t\t\t<div class=\"elementor-element elementor-element-41d40a1 elementor-widget elementor-widget-image\" data-id=\"41d40a1\" data-element_type=\"widget\" data-e-type=\"widget\" data-widget_type=\"image.default\">\n\t\t\t\t<div class=\"elementor-widget-container\">\n\t\t\t\t\t\t\t\t\t\t\t\t\t\t\t\t<a href=\"https:\/\/aquelarre.edu.uy\/cms\/home\/cursos\/talleres\/fotografia-nocturna\/\">\n\t\t\t\t\t\t\t<img decoding=\"async\" src=\"https:\/\/aquelarre.edu.uy\/cms\/wp-content\/uploads\/2024\/11\/Nocturna-2023.jpg\" title=\"\" alt=\"\" loading=\"lazy\" \/>\t\t\t\t\t\t\t\t<\/a>\n\t\t\t\t\t\t\t\t\t\t\t\t\t\t\t<\/div>\n\t\t\t\t<\/div>\n\t\t\t\t\t<\/div>\n\t\t<\/div>\n\t\t\t\t<div class=\"elementor-column elementor-col-20 elementor-top-column elementor-element elementor-element-e527f13\" data-id=\"e527f13\" data-element_type=\"column\" data-e-type=\"column\">\n\t\t\t<div class=\"elementor-widget-wrap elementor-element-populated\">\n\t\t\t\t\t\t<div class=\"elementor-element elementor-element-df2e5d7 elementor-widget elementor-widget-image\" data-id=\"df2e5d7\" data-element_type=\"widget\" data-e-type=\"widget\" data-widget_type=\"image.default\">\n\t\t\t\t<div class=\"elementor-widget-container\">\n\t\t\t\t\t\t\t\t\t\t\t\t\t\t\t\t<a href=\"https:\/\/aquelarre.edu.uy\/cms\/home\/cursos\/talleres\/foto-y-video-con-movil\/\">\n\t\t\t\t\t\t\t<img decoding=\"async\" src=\"https:\/\/aquelarre.edu.uy\/cms\/wp-content\/uploads\/2024\/11\/Movil-2023.jpg\" title=\"\" alt=\"\" loading=\"lazy\" \/>\t\t\t\t\t\t\t\t<\/a>\n\t\t\t\t\t\t\t\t\t\t\t\t\t\t\t<\/div>\n\t\t\t\t<\/div>\n\t\t\t\t\t<\/div>\n\t\t<\/div>\n\t\t\t\t\t<\/div>\n\t\t<\/section>\n\t\t\t\t<\/div>\n\t\t","protected":false},"excerpt":{"rendered":"<p>CURSO DE FOTOGRAF\u00cdA NOCTURNA Aprende a dominar la fotograf\u00eda en la noche Este Curso de Fotograf\u00eda Nocturna est\u00e1 dise\u00f1ado para ense\u00f1ar a los estudiantes c\u00f3mo capturar impresionantes im\u00e1genes en condiciones de poca luz. A lo largo del curso, se abordar\u00e1n temas como el equipo necesario, la configuraci\u00f3n de la c\u00e1mara y la iluminaci\u00f3n artificial, as\u00ed [&hellip;]<\/p>\n","protected":false},"author":5,"featured_media":6092,"parent":833,"menu_order":0,"comment_status":"closed","ping_status":"closed","template":"","meta":{"_joinchat":[],"footnotes":""},"class_list":["post-855","page","type-page","status-publish","has-post-thumbnail","hentry"],"yoast_head":"<!-- This site is optimized with the Yoast SEO plugin v27.4 - https:\/\/yoast.com\/product\/yoast-seo-wordpress\/ -->\n<title>Curso de Fotograf\u00eda Nocturna | AQUELARRE Escuela Fotograf\u00eda<\/title>\n<meta name=\"description\" content=\"Curso de Fotograf\u00eda Nocturna tiene como objetivo la pr\u00e1ctica de la fotograf\u00eda nocturna urbana y de larga exposici\u00f3n.\" \/>\n<meta name=\"robots\" content=\"index, follow, max-snippet:-1, max-image-preview:large, max-video-preview:-1\" \/>\n<link rel=\"canonical\" href=\"https:\/\/aquelarre.edu.uy\/cms\/home\/cursos\/talleres\/fotografia-nocturna\/\" \/>\n<meta property=\"og:locale\" content=\"es_ES\" \/>\n<meta property=\"og:type\" content=\"article\" \/>\n<meta property=\"og:title\" content=\"Curso de Fotograf\u00eda Nocturna | AQUELARRE Escuela Fotograf\u00eda\" \/>\n<meta property=\"og:description\" content=\"Curso de Fotograf\u00eda Nocturna tiene como objetivo la pr\u00e1ctica de la fotograf\u00eda nocturna urbana y de larga exposici\u00f3n.\" \/>\n<meta property=\"og:url\" content=\"https:\/\/aquelarre.edu.uy\/cms\/home\/cursos\/talleres\/fotografia-nocturna\/\" \/>\n<meta property=\"og:site_name\" content=\"Aquelarre escuela de Fotograf\u00eda\" \/>\n<meta property=\"article:publisher\" content=\"https:\/\/www.facebook.com\/AQUELARREfotografias\/\" \/>\n<meta property=\"article:modified_time\" content=\"2025-03-25T20:24:27+00:00\" \/>\n<meta property=\"og:image\" content=\"https:\/\/aquelarre.edu.uy\/cms\/wp-content\/uploads\/2022\/12\/DSC2002_web.jpg\" \/>\n\t<meta property=\"og:image:width\" content=\"1800\" \/>\n\t<meta property=\"og:image:height\" content=\"1192\" \/>\n\t<meta property=\"og:image:type\" content=\"image\/jpeg\" \/>\n<meta name=\"twitter:card\" content=\"summary_large_image\" \/>\n<meta name=\"twitter:site\" content=\"@aquelarre_uy\" \/>\n<meta name=\"twitter:label1\" content=\"Tiempo de lectura\" \/>\n\t<meta name=\"twitter:data1\" content=\"5 minutos\" \/>\n<script type=\"application\/ld+json\" class=\"yoast-schema-graph\">{\"@context\":\"https:\\\/\\\/schema.org\",\"@graph\":[{\"@type\":\"WebPage\",\"@id\":\"https:\\\/\\\/aquelarre.edu.uy\\\/cms\\\/home\\\/cursos\\\/talleres\\\/fotografia-nocturna\\\/\",\"url\":\"https:\\\/\\\/aquelarre.edu.uy\\\/cms\\\/home\\\/cursos\\\/talleres\\\/fotografia-nocturna\\\/\",\"name\":\"Curso de Fotograf\u00eda Nocturna | AQUELARRE Escuela Fotograf\u00eda\",\"isPartOf\":{\"@id\":\"https:\\\/\\\/aquelarre.edu.uy\\\/cms\\\/#website\"},\"primaryImageOfPage\":{\"@id\":\"https:\\\/\\\/aquelarre.edu.uy\\\/cms\\\/home\\\/cursos\\\/talleres\\\/fotografia-nocturna\\\/#primaryimage\"},\"image\":{\"@id\":\"https:\\\/\\\/aquelarre.edu.uy\\\/cms\\\/home\\\/cursos\\\/talleres\\\/fotografia-nocturna\\\/#primaryimage\"},\"thumbnailUrl\":\"https:\\\/\\\/aquelarre.edu.uy\\\/cms\\\/wp-content\\\/uploads\\\/2022\\\/12\\\/DSC2002_web.jpg\",\"datePublished\":\"2019-03-07T20:21:15+00:00\",\"dateModified\":\"2025-03-25T20:24:27+00:00\",\"description\":\"Curso de Fotograf\u00eda Nocturna tiene como objetivo la pr\u00e1ctica de la fotograf\u00eda nocturna urbana y de larga exposici\u00f3n.\",\"breadcrumb\":{\"@id\":\"https:\\\/\\\/aquelarre.edu.uy\\\/cms\\\/home\\\/cursos\\\/talleres\\\/fotografia-nocturna\\\/#breadcrumb\"},\"inLanguage\":\"es\",\"potentialAction\":[{\"@type\":\"ReadAction\",\"target\":[\"https:\\\/\\\/aquelarre.edu.uy\\\/cms\\\/home\\\/cursos\\\/talleres\\\/fotografia-nocturna\\\/\"]}]},{\"@type\":\"ImageObject\",\"inLanguage\":\"es\",\"@id\":\"https:\\\/\\\/aquelarre.edu.uy\\\/cms\\\/home\\\/cursos\\\/talleres\\\/fotografia-nocturna\\\/#primaryimage\",\"url\":\"https:\\\/\\\/aquelarre.edu.uy\\\/cms\\\/wp-content\\\/uploads\\\/2022\\\/12\\\/DSC2002_web.jpg\",\"contentUrl\":\"https:\\\/\\\/aquelarre.edu.uy\\\/cms\\\/wp-content\\\/uploads\\\/2022\\\/12\\\/DSC2002_web.jpg\",\"width\":1800,\"height\":1192,\"caption\":\"aquelarre escuela de fotograf\u00eda, curso de fotograf\u00eda, escuela de fotograf\u00eda, curso de fotograf\u00eda nocturna\"},{\"@type\":\"BreadcrumbList\",\"@id\":\"https:\\\/\\\/aquelarre.edu.uy\\\/cms\\\/home\\\/cursos\\\/talleres\\\/fotografia-nocturna\\\/#breadcrumb\",\"itemListElement\":[{\"@type\":\"ListItem\",\"position\":1,\"name\":\"HOME\",\"item\":\"https:\\\/\\\/aquelarre.edu.uy\\\/cms\\\/\"},{\"@type\":\"ListItem\",\"position\":2,\"name\":\"CURSOS\",\"item\":\"https:\\\/\\\/aquelarre.edu.uy\\\/cms\\\/home\\\/cursos\\\/\"},{\"@type\":\"ListItem\",\"position\":3,\"name\":\"Talleres\",\"item\":\"https:\\\/\\\/aquelarre.edu.uy\\\/cms\\\/home\\\/cursos\\\/talleres\\\/\"},{\"@type\":\"ListItem\",\"position\":4,\"name\":\"Fotograf\u00eda Nocturna\"}]},{\"@type\":\"WebSite\",\"@id\":\"https:\\\/\\\/aquelarre.edu.uy\\\/cms\\\/#website\",\"url\":\"https:\\\/\\\/aquelarre.edu.uy\\\/cms\\\/\",\"name\":\"Aquelarre escuela de Fotograf\u00eda\",\"description\":\"Escuela de fotograf\u00eda\",\"publisher\":{\"@id\":\"https:\\\/\\\/aquelarre.edu.uy\\\/cms\\\/#organization\"},\"potentialAction\":[{\"@type\":\"SearchAction\",\"target\":{\"@type\":\"EntryPoint\",\"urlTemplate\":\"https:\\\/\\\/aquelarre.edu.uy\\\/cms\\\/?s={search_term_string}\"},\"query-input\":{\"@type\":\"PropertyValueSpecification\",\"valueRequired\":true,\"valueName\":\"search_term_string\"}}],\"inLanguage\":\"es\"},{\"@type\":\"Organization\",\"@id\":\"https:\\\/\\\/aquelarre.edu.uy\\\/cms\\\/#organization\",\"name\":\"Aquelarre escuela de Fotograf\u00eda\",\"url\":\"https:\\\/\\\/aquelarre.edu.uy\\\/cms\\\/\",\"logo\":{\"@type\":\"ImageObject\",\"inLanguage\":\"es\",\"@id\":\"https:\\\/\\\/aquelarre.edu.uy\\\/cms\\\/#\\\/schema\\\/logo\\\/image\\\/\",\"url\":\"https:\\\/\\\/aquelarre.edu.uy\\\/cms\\\/wp-content\\\/uploads\\\/2022\\\/04\\\/logo-aquelarre-trans.png\",\"contentUrl\":\"https:\\\/\\\/aquelarre.edu.uy\\\/cms\\\/wp-content\\\/uploads\\\/2022\\\/04\\\/logo-aquelarre-trans.png\",\"width\":4411,\"height\":1192,\"caption\":\"Aquelarre escuela de Fotograf\u00eda\"},\"image\":{\"@id\":\"https:\\\/\\\/aquelarre.edu.uy\\\/cms\\\/#\\\/schema\\\/logo\\\/image\\\/\"},\"sameAs\":[\"https:\\\/\\\/www.facebook.com\\\/AQUELARREfotografias\\\/\",\"https:\\\/\\\/x.com\\\/aquelarre_uy\",\"https:\\\/\\\/www.instagram.com\\\/aquelarre.uy\\\/\"]}]}<\/script>\n<!-- \/ Yoast SEO plugin. -->","yoast_head_json":{"title":"Curso de Fotograf\u00eda Nocturna | AQUELARRE Escuela Fotograf\u00eda","description":"Curso de Fotograf\u00eda Nocturna tiene como objetivo la pr\u00e1ctica de la fotograf\u00eda nocturna urbana y de larga exposici\u00f3n.","robots":{"index":"index","follow":"follow","max-snippet":"max-snippet:-1","max-image-preview":"max-image-preview:large","max-video-preview":"max-video-preview:-1"},"canonical":"https:\/\/aquelarre.edu.uy\/cms\/home\/cursos\/talleres\/fotografia-nocturna\/","og_locale":"es_ES","og_type":"article","og_title":"Curso de Fotograf\u00eda Nocturna | AQUELARRE Escuela Fotograf\u00eda","og_description":"Curso de Fotograf\u00eda Nocturna tiene como objetivo la pr\u00e1ctica de la fotograf\u00eda nocturna urbana y de larga exposici\u00f3n.","og_url":"https:\/\/aquelarre.edu.uy\/cms\/home\/cursos\/talleres\/fotografia-nocturna\/","og_site_name":"Aquelarre escuela de Fotograf\u00eda","article_publisher":"https:\/\/www.facebook.com\/AQUELARREfotografias\/","article_modified_time":"2025-03-25T20:24:27+00:00","og_image":[{"width":1800,"height":1192,"url":"https:\/\/aquelarre.edu.uy\/cms\/wp-content\/uploads\/2022\/12\/DSC2002_web.jpg","type":"image\/jpeg"}],"twitter_card":"summary_large_image","twitter_site":"@aquelarre_uy","twitter_misc":{"Tiempo de lectura":"5 minutos"},"schema":{"@context":"https:\/\/schema.org","@graph":[{"@type":"WebPage","@id":"https:\/\/aquelarre.edu.uy\/cms\/home\/cursos\/talleres\/fotografia-nocturna\/","url":"https:\/\/aquelarre.edu.uy\/cms\/home\/cursos\/talleres\/fotografia-nocturna\/","name":"Curso de Fotograf\u00eda Nocturna | AQUELARRE Escuela Fotograf\u00eda","isPartOf":{"@id":"https:\/\/aquelarre.edu.uy\/cms\/#website"},"primaryImageOfPage":{"@id":"https:\/\/aquelarre.edu.uy\/cms\/home\/cursos\/talleres\/fotografia-nocturna\/#primaryimage"},"image":{"@id":"https:\/\/aquelarre.edu.uy\/cms\/home\/cursos\/talleres\/fotografia-nocturna\/#primaryimage"},"thumbnailUrl":"https:\/\/aquelarre.edu.uy\/cms\/wp-content\/uploads\/2022\/12\/DSC2002_web.jpg","datePublished":"2019-03-07T20:21:15+00:00","dateModified":"2025-03-25T20:24:27+00:00","description":"Curso de Fotograf\u00eda Nocturna tiene como objetivo la pr\u00e1ctica de la fotograf\u00eda nocturna urbana y de larga exposici\u00f3n.","breadcrumb":{"@id":"https:\/\/aquelarre.edu.uy\/cms\/home\/cursos\/talleres\/fotografia-nocturna\/#breadcrumb"},"inLanguage":"es","potentialAction":[{"@type":"ReadAction","target":["https:\/\/aquelarre.edu.uy\/cms\/home\/cursos\/talleres\/fotografia-nocturna\/"]}]},{"@type":"ImageObject","inLanguage":"es","@id":"https:\/\/aquelarre.edu.uy\/cms\/home\/cursos\/talleres\/fotografia-nocturna\/#primaryimage","url":"https:\/\/aquelarre.edu.uy\/cms\/wp-content\/uploads\/2022\/12\/DSC2002_web.jpg","contentUrl":"https:\/\/aquelarre.edu.uy\/cms\/wp-content\/uploads\/2022\/12\/DSC2002_web.jpg","width":1800,"height":1192,"caption":"aquelarre escuela de fotograf\u00eda, curso de fotograf\u00eda, escuela de fotograf\u00eda, curso de fotograf\u00eda nocturna"},{"@type":"BreadcrumbList","@id":"https:\/\/aquelarre.edu.uy\/cms\/home\/cursos\/talleres\/fotografia-nocturna\/#breadcrumb","itemListElement":[{"@type":"ListItem","position":1,"name":"HOME","item":"https:\/\/aquelarre.edu.uy\/cms\/"},{"@type":"ListItem","position":2,"name":"CURSOS","item":"https:\/\/aquelarre.edu.uy\/cms\/home\/cursos\/"},{"@type":"ListItem","position":3,"name":"Talleres","item":"https:\/\/aquelarre.edu.uy\/cms\/home\/cursos\/talleres\/"},{"@type":"ListItem","position":4,"name":"Fotograf\u00eda Nocturna"}]},{"@type":"WebSite","@id":"https:\/\/aquelarre.edu.uy\/cms\/#website","url":"https:\/\/aquelarre.edu.uy\/cms\/","name":"Aquelarre escuela de Fotograf\u00eda","description":"Escuela de fotograf\u00eda","publisher":{"@id":"https:\/\/aquelarre.edu.uy\/cms\/#organization"},"potentialAction":[{"@type":"SearchAction","target":{"@type":"EntryPoint","urlTemplate":"https:\/\/aquelarre.edu.uy\/cms\/?s={search_term_string}"},"query-input":{"@type":"PropertyValueSpecification","valueRequired":true,"valueName":"search_term_string"}}],"inLanguage":"es"},{"@type":"Organization","@id":"https:\/\/aquelarre.edu.uy\/cms\/#organization","name":"Aquelarre escuela de Fotograf\u00eda","url":"https:\/\/aquelarre.edu.uy\/cms\/","logo":{"@type":"ImageObject","inLanguage":"es","@id":"https:\/\/aquelarre.edu.uy\/cms\/#\/schema\/logo\/image\/","url":"https:\/\/aquelarre.edu.uy\/cms\/wp-content\/uploads\/2022\/04\/logo-aquelarre-trans.png","contentUrl":"https:\/\/aquelarre.edu.uy\/cms\/wp-content\/uploads\/2022\/04\/logo-aquelarre-trans.png","width":4411,"height":1192,"caption":"Aquelarre escuela de Fotograf\u00eda"},"image":{"@id":"https:\/\/aquelarre.edu.uy\/cms\/#\/schema\/logo\/image\/"},"sameAs":["https:\/\/www.facebook.com\/AQUELARREfotografias\/","https:\/\/x.com\/aquelarre_uy","https:\/\/www.instagram.com\/aquelarre.uy\/"]}]}},"_links":{"self":[{"href":"https:\/\/aquelarre.edu.uy\/cms\/wp-json\/wp\/v2\/pages\/855","targetHints":{"allow":["GET"]}}],"collection":[{"href":"https:\/\/aquelarre.edu.uy\/cms\/wp-json\/wp\/v2\/pages"}],"about":[{"href":"https:\/\/aquelarre.edu.uy\/cms\/wp-json\/wp\/v2\/types\/page"}],"author":[{"embeddable":true,"href":"https:\/\/aquelarre.edu.uy\/cms\/wp-json\/wp\/v2\/users\/5"}],"replies":[{"embeddable":true,"href":"https:\/\/aquelarre.edu.uy\/cms\/wp-json\/wp\/v2\/comments?post=855"}],"version-history":[{"count":165,"href":"https:\/\/aquelarre.edu.uy\/cms\/wp-json\/wp\/v2\/pages\/855\/revisions"}],"predecessor-version":[{"id":8709,"href":"https:\/\/aquelarre.edu.uy\/cms\/wp-json\/wp\/v2\/pages\/855\/revisions\/8709"}],"up":[{"embeddable":true,"href":"https:\/\/aquelarre.edu.uy\/cms\/wp-json\/wp\/v2\/pages\/833"}],"wp:featuredmedia":[{"embeddable":true,"href":"https:\/\/aquelarre.edu.uy\/cms\/wp-json\/wp\/v2\/media\/6092"}],"wp:attachment":[{"href":"https:\/\/aquelarre.edu.uy\/cms\/wp-json\/wp\/v2\/media?parent=855"}],"curies":[{"name":"wp","href":"https:\/\/api.w.org\/{rel}","templated":true}]}}